{"id":640,"date":"2019-11-09T17:33:03","date_gmt":"2019-11-09T17:33:03","guid":{"rendered":"http:\/\/oberharzer-schuetzenbund.de\/?page_id=640"},"modified":"2019-11-27T15:33:43","modified_gmt":"2019-11-27T15:33:43","slug":"dsgvo","status":"publish","type":"page","link":"https:\/\/oberharzer-schuetzenbund.de\/?page_id=640","title":{"rendered":"DSGVO"},"content":{"rendered":"\n<p><strong><em>Datenschutzverordnung<\/em><\/strong><strong><em><\/em><\/strong><\/p>\n\n\n\n<p>Angaben\ngem\u00e4\u00df \u00a7&nbsp;5 TMG:<br>\nKreisverband\nOberharzer Sch\u00fctzenbund von 1922 e.V.<\/p>\n\n\n\n<p>Postanschrift:<br>\nZellbach 36<br>\n38678 Clausthal-Zellerfeld<\/p>\n\n\n\n<p>Kontakt: E-Mail:\n<a href=\"mailto:Kontakt@Wawrzinek.net\">Kontakt@Wawrzinek.net<\/a><\/p>\n\n\n\n<p>Vertreten\ndurch:<\/p>\n\n\n\n<p>Hartmut\nWawrzinek &nbsp;&nbsp;&nbsp;&nbsp;&nbsp;&nbsp;&nbsp;&nbsp;&nbsp;&nbsp;&nbsp;&nbsp;&nbsp;&nbsp;&nbsp; ( Vorsitzender )<br>\nMichael Peinemann&nbsp;&nbsp;&nbsp;&nbsp;&nbsp;&nbsp;&nbsp;&nbsp;&nbsp;&nbsp;&nbsp;&nbsp;&nbsp;&nbsp;&nbsp; (\nstellvertr. Vorsitzender )<br>\nAlexandra Stein&nbsp;&nbsp;&nbsp;&nbsp;&nbsp;&nbsp;&nbsp;&nbsp;&nbsp;&nbsp;&nbsp;&nbsp;&nbsp;&nbsp;&nbsp;&nbsp;&nbsp;&nbsp;&nbsp;&nbsp;&nbsp; (\nKreisschriftf\u00fchrer )<br>\nKlaus-Dieter B\u00f6hnke&nbsp;&nbsp;&nbsp;&nbsp;&nbsp;&nbsp;&nbsp;&nbsp;&nbsp;&nbsp;&nbsp;&nbsp;&nbsp;&nbsp; (\nKreisschatzmeister )<\/p>\n\n\n\n<p>Eingetragen\nim Vereinsregister: des Amtsgerichts Braunschweig unter VR 170003 <\/p>\n\n\n\n<p>Steuernummer:\n21\/215\/10146 <\/p>\n\n\n\n<p>Bankverbindungen: &nbsp;&nbsp;&nbsp; Volksbank im Harz eG <br>\nIBAN: DE81 2689 1484 0061 3517 00<br>\nBIC\/SWIFT: GENODE1OHA<\/p>\n\n\n\n<p>Verantwortlich\nim Sinne des Datenschutzgesetzes:<br>\n\u00a9 Klaus-Dieter B\u00f6hnke<br>\nAm Kranichsberg 2<br>\n38685 Bergstadt Lautenthal<br>\nE-Mail: <a href=\"mailto:kd.boehnke@gmx.net\">kd.boehnke@gmx.net<\/a><\/p>\n\n\n\n<h4 class=\"wp-block-heading\">Datenschutzerkl\u00e4rung<\/h4>\n\n\n\n<h4 class=\"wp-block-heading\">1. Datenschutz auf einen\nBlick<\/h4>\n\n\n\n<h4 class=\"wp-block-heading\">Allgemeine Hinweise<\/h4>\n\n\n\n<p>Die folgenden Hinweise geben einen einfachen \u00dcberblick dar\u00fcber, was mit Ihren personenbezogenen Daten passiert, wenn Sie diese Website besuchen. Personenbezogene Daten sind alle Daten, mit denen Sie pers\u00f6nlich identifiziert werden k\u00f6nnen. Ausf\u00fchrliche Informationen zum Thema Datenschutz entnehmen Sie unserer, unter diesem Text aufgef\u00fchrten Datenschutzerkl\u00e4rung.<\/p>\n\n\n\n<h4 class=\"wp-block-heading\">Datenerfassung auf\ndieser Website<\/h4>\n\n\n\n<h4 class=\"wp-block-heading\">Wer ist verantwortlich\nf\u00fcr die Datenerfassung auf dieser Website?<\/h4>\n\n\n\n<p>Die Datenverarbeitung auf dieser Website erfolgt\ndurch den Websitebetreiber. Dessen Kontaktdaten k\u00f6nnen Sie dem Impressum dieser\nWebsite entnehmen.<\/p>\n\n\n\n<h4 class=\"wp-block-heading\">Wie erfassen wir Ihre Daten?<\/h4>\n\n\n\n<p>Ihre Daten werden zum einen dadurch erhoben, dass\nSie uns diese mitteilen. Hierbei kann es sich z. B. um Daten handeln, die Sie\nin ein Kontaktformular eingeben.<\/p>\n\n\n\n<p>Andere Daten werden automatisch beim Besuch der\nWebsite durch unsere IT-Systeme erfasst. Das sind vor allem technische Daten\n(z. B. Internetbrowser, Betriebssystem oder Uhrzeit des Seitenaufrufs). Die\nErfassung dieser Daten erfolgt automatisch, sobald Sie diese Website betreten.<\/p>\n\n\n\n<h4 class=\"wp-block-heading\">Wof\u00fcr nutzen wir Ihre\nDaten?<\/h4>\n\n\n\n<p>Ein Teil der Daten wird erhoben, um eine fehlerfreie\nBereitstellung der Website zu gew\u00e4hrleisten. Andere Daten k\u00f6nnen zur Analyse\nIhres Nutzerverhaltens verwendet werden.<\/p>\n\n\n\n<h4 class=\"wp-block-heading\">Welche Rechte haben Sie\nbez\u00fcglich Ihrer Daten?<\/h4>\n\n\n\n<p>Sie haben jederzeit das Recht unentgeltlich Auskunft\n\u00fcber Herkunft, Empf\u00e4nger und Zweck Ihrer gespeicherten personenbezogenen Daten\nzu erhalten. Sie haben au\u00dferdem ein Recht, die Berichtigung oder L\u00f6schung\ndieser Daten zu verlangen. Hierzu sowie zu weiteren Fragen zum Thema\nDatenschutz k\u00f6nnen Sie sich jederzeit unter der im Impressum angegebenen\nAdresse an uns wenden. Des Weiteren steht Ihnen ein Beschwerderecht bei der\nzust\u00e4ndigen Aufsichtsbeh\u00f6rde zu.<\/p>\n\n\n\n<p>Au\u00dferdem haben Sie das Recht, unter bestimmten\nUmst\u00e4nden die Einschr\u00e4nkung der Verarbeitung Ihrer personenbezogenen Daten zu\nverlangen. Details hierzu entnehmen Sie der Datenschutzerkl\u00e4rung unter \u201eRecht\nauf Einschr\u00e4nkung der Verarbeitung\u201c.<\/p>\n\n\n\n<h4 class=\"wp-block-heading\">Analyse-Tools und Tools\nvon Drittanbietern<\/h4>\n\n\n\n<p>Beim Besuch dieser Website kann Ihr Surf-Verhalten\nstatistisch ausgewertet werden. Das geschieht vor allem mit Cookies und mit\nsogenannten Analyseprogrammen. Die Analyse Ihres Surf-Verhaltens erfolgt in der\nRegel anonym; das Surf-Verhalten kann nicht zu Ihnen zur\u00fcckverfolgt werden.<\/p>\n\n\n\n<p>Sie k\u00f6nnen dieser Analyse widersprechen oder sie\ndurch die Nichtbenutzung bestimmter Tools verhindern. Detaillierte\nInformationen zu diesen Tools und \u00fcber Ihre Widerspruchsm\u00f6glichkeiten finden\nSie in der folgenden Datenschutzerkl\u00e4rung.<\/p>\n\n\n\n<h4 class=\"wp-block-heading\">2. Allgemeine Hinweise\nund Pflichtinformationen<\/h4>\n\n\n\n<h4 class=\"wp-block-heading\">Datenschutz<\/h4>\n\n\n\n<p>Die Betreiber dieser Seiten nehmen den Schutz Ihrer\npers\u00f6nlichen Daten sehr ernst. Wir behandeln Ihre personenbezogenen Daten\nvertraulich und entsprechend der gesetzlichen Datenschutzvorschriften sowie\ndieser Datenschutzerkl\u00e4rung.<\/p>\n\n\n\n<p>Wenn\nSie diese Website benutzen, werden verschiedene personenbezogene Daten erhoben.\nPersonenbezogene Daten sind Daten, mit denen Sie pers\u00f6nlich identifiziert\nwerden k\u00f6nnen. Die vorliegende Datenschutzerkl\u00e4rung erl\u00e4utert, welche Daten wir\nerheben und wof\u00fcr wir sie nutzen. Sie erl\u00e4utert auch, wie und zu welchem Zweck\ndas geschieht.<\/p>\n\n\n\n<p>Wir weisen darauf hin, dass die Daten\u00fcbertragung im\nInternet (z. B. bei der Kommunikation per E-Mail) Sicherheitsl\u00fccken aufweisen\nkann. Ein l\u00fcckenloser Schutz der Daten vor dem Zugriff durch Dritte ist nicht\nm\u00f6glich.<\/p>\n\n\n\n<h4 class=\"wp-block-heading\">Hinweis zur verantwortlichen\nStelle<\/h4>\n\n\n\n<p>Die verantwortliche Stelle f\u00fcr die Datenverarbeitung\nauf dieser Website ist:<\/p>\n\n\n\n<p>Kreisverband Oberharzer Sch\u00fctzenbund von 1922 e.V. <\/p>\n\n\n\n<p>Zellbach 36<br>\n38678 Clausthal-Zellerfeld<\/p>\n\n\n\n<p>Telefon: 05323\/78584<br>\nTelefax: 05323\/78586<br>\nE-Mail: <a href=\"mailto:E-Mail:%20Kontakt@Wawrzinek.net\">Kontakt@Wawrzinek.net<\/a><\/p>\n\n\n\n<p>Verantwortliche Stelle ist die nat\u00fcrliche oder\njuristische Person, die allein oder gemeinsam mit anderen \u00fcber die Zwecke und\nMittel der Verarbeitung von personenbezogenen Daten (z. B. Namen,\nE-Mail-Adressen o. \u00c4.) entscheidet.<\/p>\n\n\n\n<h4 class=\"wp-block-heading\">Widerruf Ihrer\nEinwilligung zur Datenverarbeitung<\/h4>\n\n\n\n<p>Viele Datenverarbeitungsvorg\u00e4nge sind nur mit Ihrer\nausdr\u00fccklichen Einwilligung m\u00f6glich. Sie k\u00f6nnen eine bereits erteilte\nEinwilligung jederzeit widerrufen. Dazu reicht eine formlose Mitteilung per\nE-Mail an uns. Die Rechtm\u00e4\u00dfigkeit der bis zum Widerruf erfolgten\nDatenverarbeitung bleibt vom Widerruf unber\u00fchrt.<\/p>\n\n\n\n<h4 class=\"wp-block-heading\">Widerspruchsrecht gegen\ndie Datenerhebung in besonderen F\u00e4llen sowie gegen Direktwerbung (Art. 21\nDSGVO)<\/h4>\n\n\n\n<p>WENN DIE DATENVERARBEITUNG AUF GRUNDLAGE VON ART. 6\nABS. 1 LIT. E ODER F DSGVO ERFOLGT, HABEN SIE JEDERZEIT DAS RECHT, AUS GR\u00dcNDEN,\nDIE SICH AUS IHRER BESONDEREN SITUATION ERGEBEN, GEGEN DIE VERARBEITUNG IHRER\nPERSONENBEZOGENEN DATEN WIDERSPRUCH EINZULEGEN; DIES GILT AUCH F\u00dcR EIN AUF\nDIESE BESTIMMUNGEN GEST\u00dcTZTES PROFILING. DIE JEWEILIGE RECHTSGRUNDLAGE, AUF\nDENEN EINE VERARBEITUNG BERUHT, ENTNEHMEN SIE DIESER DATENSCHUTZERKL\u00c4RUNG. WENN\nSIE WIDERSPRUCH EINLEGEN, WERDEN WIR IHRE BETROFFENEN PERSONENBEZOGENEN DATEN\nNICHT MEHR VERARBEITEN, ES SEI DENN, WIR K\u00d6NNEN ZWINGENDE SCHUTZW\u00dcRDIGE GR\u00dcNDE\nF\u00dcR DIE VERARBEITUNG NACHWEISEN, DIE IHRE INTERESSEN, RECHTE UND FREIHEITEN\n\u00dcBERWIEGEN ODER DIE VERARBEITUNG DIENT DER GELTENDMACHUNG, AUS\u00dcBUNG ODER\nVERTEIDIGUNG VON RECHTSANSPR\u00dcCHEN (WIDERSPRUCH NACH ART. 21 ABS. 1 DSGVO).<\/p>\n\n\n\n<p>WERDEN IHRE PERSONENBEZOGENEN DATEN VERARBEITET, UM\nDIREKTWERBUNG ZU BETREIBEN, SO HABEN SIE DAS RECHT, JEDERZEIT WIDERSPRUCH GEGEN\nDIE VERARBEITUNG SIE BETREFFENDER PERSONENBEZOGENER DATEN ZUM ZWECKE DERARTIGER\nWERBUNG EINZULEGEN; DIES GILT AUCH F\u00dcR DAS PROFILING, SOWEIT ES MIT SOLCHER\nDIREKTWERBUNG IN VERBINDUNG STEHT. WENN SIE WIDERSPRECHEN, WERDEN IHRE\nPERSONENBEZOGENEN DATEN ANSCHLIESSEND NICHT MEHR ZUM ZWECKE DER DIREKTWERBUNG\nVERWENDET (WIDERSPRUCH NACH ART. 21 ABS. 2 DSGVO).<\/p>\n\n\n\n<h4 class=\"wp-block-heading\">Beschwerderecht bei der\nzust\u00e4ndigen Aufsichtsbeh\u00f6rde<\/h4>\n\n\n\n<p>Im Falle von Verst\u00f6\u00dfen gegen die DSGVO steht den\nBetroffenen ein Beschwerderecht bei einer Aufsichtsbeh\u00f6rde, insbesondere in dem\nMitgliedstaat ihres gew\u00f6hnlichen Aufenthalts, ihres Arbeitsplatzes oder des\nOrts des mutma\u00dflichen Versto\u00dfes zu. Das Beschwerderecht besteht unbeschadet\nanderweitiger verwaltungsrechtlicher oder gerichtlicher Rechtsbehelfe.<\/p>\n\n\n\n<h4 class=\"wp-block-heading\">Recht auf\nDaten\u00fcbertragbarkeit<\/h4>\n\n\n\n<p>Sie haben das Recht, Daten, die wir auf Grundlage\nIhrer Einwilligung oder in Erf\u00fcllung eines Vertrags automatisiert verarbeiten,\nan sich oder an einen Dritten in einem g\u00e4ngigen, maschinenlesbaren Format\naush\u00e4ndigen zu lassen. Sofern Sie die direkte \u00dcbertragung der Daten an einen\nanderen Verantwortlichen\nverlangen, erfolgt dies nur, soweit es technisch machbar ist.<\/p>\n\n\n\n<h4 class=\"wp-block-heading\">Auskunft, L\u00f6schung und\nBerichtigung<\/h4>\n\n\n\n<p>Sie haben im Rahmen der geltenden gesetzlichen\nBestimmungen jederzeit das Recht auf unentgeltliche Auskunft \u00fcber Ihre\ngespeicherten personenbezogenen Daten, deren Herkunft und Empf\u00e4nger und den\nZweck der Datenverarbeitung und ggf. ein Recht auf Berichtigung oder L\u00f6schung\ndieser Daten. Hierzu sowie zu weiteren Fragen zum Thema personenbezogene Daten\nk\u00f6nnen Sie sich jederzeit unter der im Impressum angegebenen Adresse an uns\nwenden.<\/p>\n\n\n\n<h4 class=\"wp-block-heading\">Recht auf Einschr\u00e4nkung\nder Verarbeitung<\/h4>\n\n\n\n<p>Sie haben das Recht, die Einschr\u00e4nkung der\nVerarbeitung Ihrer personenbezogenen Daten zu verlangen. Hierzu k\u00f6nnen Sie sich\njederzeit unter der im Impressum angegebenen Adresse an uns wenden. Das Recht\nauf Einschr\u00e4nkung der Verarbeitung besteht in folgenden F\u00e4llen:<\/p>\n\n\n\n<p>\u00b7&nbsp;&nbsp;&nbsp;&nbsp;&nbsp;&nbsp;&nbsp;&nbsp;\nWenn Sie die\nRichtigkeit Ihrer bei uns gespeicherten personenbezogenen Daten bestreiten,\nben\u00f6tigen wir in der Regel Zeit, um dies zu \u00fcberpr\u00fcfen. F\u00fcr die Dauer der\nPr\u00fcfung haben Sie das Recht, die Einschr\u00e4nkung der Verarbeitung Ihrer\npersonenbezogenen Daten zu verlangen.<\/p>\n\n\n\n<p>\u00b7&nbsp;&nbsp;&nbsp;&nbsp;&nbsp;&nbsp;&nbsp;&nbsp;\nWenn die Verarbeitung\nIhrer personenbezogenen Daten unrechtm\u00e4\u00dfig geschah\/geschieht, k\u00f6nnen Sie statt\nder L\u00f6schung die Einschr\u00e4nkung der Datenverarbeitung verlangen.<\/p>\n\n\n\n<p>\u00b7&nbsp;&nbsp;&nbsp;&nbsp;&nbsp;&nbsp;&nbsp;&nbsp;\nWenn wir Ihre\npersonenbezogenen Daten nicht mehr ben\u00f6tigen, Sie sie jedoch zur Aus\u00fcbung,\nVerteidigung oder Geltendmachung von Rechtsanspr\u00fcchen ben\u00f6tigen, haben Sie das\nRecht, statt der L\u00f6schung die Einschr\u00e4nkung der Verarbeitung Ihrer\npersonenbezogenen Daten zu verlangen.<\/p>\n\n\n\n<p>\u00b7&nbsp;&nbsp;&nbsp;&nbsp;&nbsp;&nbsp;&nbsp;&nbsp;\nWenn Sie einen\nWiderspruch nach Art. 21 Abs. 1 DSGVO eingelegt haben, muss eine Abw\u00e4gung\nzwischen Ihren und unseren Interessen vorgenommen werden. Solange noch nicht\nfeststeht, wessen Interessen \u00fcberwiegen, haben Sie das Recht, die Einschr\u00e4nkung\nder Verarbeitung Ihrer personenbezogenen Daten zu verlangen.<\/p>\n\n\n\n<p>Wenn Sie die Verarbeitung Ihrer personenbezogenen\nDaten eingeschr\u00e4nkt haben, d\u00fcrfen diese Daten \u2013 von ihrer Speicherung abgesehen\n\u2013 nur mit Ihrer Einwilligung oder zur Geltendmachung, Aus\u00fcbung oder\nVerteidigung von Rechtsanspr\u00fcchen oder zum Schutz der Rechte einer anderen\nnat\u00fcrlichen oder juristischen Person oder aus Gr\u00fcnden eines wichtigen\n\u00f6ffentlichen Interesses der Europ\u00e4ischen Union oder eines Mitgliedstaats\nverarbeitet werden.<\/p>\n\n\n\n<h4 class=\"wp-block-heading\">Widerspruch gegen\nWerbe-E-Mails<\/h4>\n\n\n\n<p>Der Nutzung von im Rahmen der Impressumspflicht\nver\u00f6ffentlichten Kontaktdaten zur \u00dcbersendung von nicht ausdr\u00fccklich\nangeforderter Werbung und Informationsmaterialien wird hiermit widersprochen.\nDie Betreiber der Seiten behalten sich ausdr\u00fccklich rechtliche Schritte im\nFalle der unverlangten Zusendung von Werbeinformationen, etwa durch\nSpam-E-Mails, vor.<\/p>\n\n\n\n<h4 class=\"wp-block-heading\">3. Datenerfassung auf\ndieser Website<\/h4>\n\n\n\n<h4 class=\"wp-block-heading\">Cookies<\/h4>\n\n\n\n<p>Die Internetseiten verwenden teilweise so genannte\nCookies. Cookies richten auf Ihrem Rechner keinen Schaden an und enthalten\nkeine Viren. Cookies dienen dazu, unser Angebot nutzerfreundlicher, effektiver\nund sicherer zu machen. Cookies sind kleine Textdateien, die auf Ihrem Rechner\nabgelegt werden und die Ihr Browser speichert.<\/p>\n\n\n\n<p>Die meisten der von uns verwendeten Cookies sind so\ngenannte \u201eSession-Cookies\u201c. Sie werden nach Ende Ihres Besuchs automatisch\ngel\u00f6scht. Andere Cookies bleiben auf Ihrem Endger\u00e4t gespeichert bis Sie diese\nl\u00f6schen. Diese Cookies erm\u00f6glichen es uns, Ihren Browser beim n\u00e4chsten Besuch\nwiederzuerkennen.<\/p>\n\n\n\n<p>Sie k\u00f6nnen Ihren Browser so einstellen, dass Sie\n\u00fcber das Setzen von Cookies informiert werden und Cookies nur im Einzelfall\nerlauben, die Annahme von Cookies f\u00fcr bestimmte F\u00e4lle oder generell\nausschlie\u00dfen sowie das automatische L\u00f6schen der Cookies beim Schlie\u00dfen des\nBrowsers aktivieren. Bei der Deaktivierung von Cookies kann die Funktionalit\u00e4t\ndieser Website eingeschr\u00e4nkt sein.<\/p>\n\n\n\n<p>Cookies, die zur Durchf\u00fchrung des elektronischen\nKommunikationsvorgangs oder zur Bereitstellung bestimmter, von Ihnen\nerw\u00fcnschter Funktionen (z. B. Warenkorbfunktion) erforderlich sind, werden auf\nGrundlage von Art. 6 Abs. 1 lit. f DSGVO gespeichert. Der Websitebetreiber hat\nein berechtigtes Interesse an der Speicherung von Cookies zur technisch fehlerfreien\nund optimierten Bereitstellung seiner Dienste. Sofern eine entsprechende\nEinwilligung abgefragt wurde (z. B. eine Einwilligung zur Speicherung von\nCookies), erfolgt die Verarbeitung ausschlie\u00dflich auf Grundlage von Art. 6 Abs.\n1 lit. a DSGVO; die Einwilligung ist jederzeit widerrufbar.<\/p>\n\n\n\n<p>Soweit andere Cookies (z. B. Cookies zur Analyse\nIhres Surfverhaltens) gespeichert werden, werden diese in dieser\nDatenschutzerkl\u00e4rung gesondert behandelt.<\/p>\n\n\n\n<h4 class=\"wp-block-heading\">Server-Log-Dateien<\/h4>\n\n\n\n<p>Der Provider der Seiten erhebt und speichert\nautomatisch Informationen in so genannten Server-Log-Dateien, die Ihr Browser\nautomatisch an uns \u00fcbermittelt. Dies sind:<\/p>\n\n\n\n<p>\u00b7&nbsp;&nbsp;&nbsp;&nbsp;&nbsp;&nbsp;&nbsp;&nbsp;\nBrowsertyp und\nBrowserversion<\/p>\n\n\n\n<p>\u00b7&nbsp;&nbsp;&nbsp;&nbsp;&nbsp;&nbsp;&nbsp;&nbsp;\nverwendetes\nBetriebssystem<\/p>\n\n\n\n<p>\u00b7&nbsp;&nbsp;&nbsp;&nbsp;&nbsp;&nbsp;&nbsp;&nbsp;\nReferrer URL<\/p>\n\n\n\n<p>\u00b7&nbsp;&nbsp;&nbsp;&nbsp;&nbsp;&nbsp;&nbsp;&nbsp;\nHostname des\nzugreifenden Rechners<\/p>\n\n\n\n<p>\u00b7&nbsp;&nbsp;&nbsp;&nbsp;&nbsp;&nbsp;&nbsp;&nbsp;\nUhrzeit der\nServeranfrage<\/p>\n\n\n\n<p>\u00b7&nbsp;&nbsp;&nbsp;&nbsp;&nbsp;&nbsp;&nbsp;&nbsp;\nIP-Adresse<\/p>\n\n\n\n<p>Eine Zusammenf\u00fchrung dieser Daten mit anderen\nDatenquellen wird nicht vorgenommen.<\/p>\n\n\n\n<p>Die Erfassung dieser Daten erfolgt auf Grundlage von\nArt. 6 Abs. 1 lit. f DSGVO. Der Websitebetreiber hat ein berechtigtes Interesse\nan der technisch fehlerfreien Darstellung und der Optimierung seiner Website \u2013\nhierzu m\u00fcssen die Server-Log-Files erfasst werden.<\/p>\n\n\n\n<h4 class=\"wp-block-heading\">Anfrage per E-Mail,\nTelefon oder Telefax<\/h4>\n\n\n\n<p>Wenn Sie uns per E-Mail, Telefon oder Telefax\nkontaktieren, wird Ihre Anfrage inklusive aller daraus hervorgehenden\npersonenbezogenen Daten (Name, Anfrage) zum Zwecke der Bearbeitung Ihres\nAnliegens bei uns gespeichert und verarbeitet. Diese Daten geben wir nicht ohne\nIhre Einwilligung weiter.<\/p>\n\n\n\n<p>Die Verarbeitung dieser Daten erfolgt auf Grundlage\nvon Art. 6 Abs. 1 lit. b DSGVO, sofern Ihre Anfrage mit der Erf\u00fcllung eines\nVertrags zusammenh\u00e4ngt oder zur Durchf\u00fchrung vorvertraglicher Ma\u00dfnahmen\nerforderlich ist. In allen \u00fcbrigen F\u00e4llen beruht die Verarbeitung auf Ihrer\nEinwilligung (Art. 6 Abs. 1 lit. a DSGVO) und\/oder auf unseren berechtigten\nInteressen (Art. 6 Abs. 1 lit. f DSGVO), da wir ein berechtigtes Interesse an\nder effektiven Bearbeitung der an uns gerichteten Anfragen haben.<\/p>\n\n\n\n<p>Die von Ihnen an uns per Kontaktanfragen \u00fcbersandten\nDaten verbleiben bei uns, bis Sie uns zur L\u00f6schung auffordern, Ihre\nEinwilligung zur Speicherung widerrufen oder der Zweck f\u00fcr die Datenspeicherung\nentf\u00e4llt (z. B. nach abgeschlossener Bearbeitung Ihres Anliegens). Zwingende\ngesetzliche Bestimmungen \u2013 insbesondere gesetzliche Aufbewahrungsfristen \u2013\nbleiben unber\u00fchrt.<\/p>\n\n\n\n<h1 class=\"wp-block-heading\">&nbsp;<\/h1>\n\n\n\n<h4 class=\"wp-block-heading\">4. Plugins und Tools<\/h4>\n\n\n\n<h4 class=\"wp-block-heading\">Google Web Fonts<\/h4>\n\n\n\n<p>Diese Seite nutzt zur einheitlichen Darstellung von\nSchriftarten so genannte Web Fonts, die von Google bereitgestellt werden. Die\nGoogle Fonts sind lokal installiert. Eine Verbindung zu Servern von Google\nfindet dabei nicht statt.<\/p>\n\n\n\n<p>Quelle: <a href=\"https:\/\/www.e-recht24.de\/\">eRecht24<\/a><\/p>\n\n\n\n<p>Kontakt zum Datenschutzmitarbeiter<\/p>\n\n\n\n<p>F\u00fcr Fragen zum Datenschutz schicken Sie uns bitte\neine Nachricht an <a href=\"file:\/\/\/C:\\Users\\Boehnke\\AppData\\Local\\Temp\\kd.boehnke@gmx.net\">kd.boehnke@gmx.net<\/a> mit dem Betreff \u201eDatenschutz\u201c.<\/p>\n\n\n\n<p>Diese\nWiderrufsbelehrung Seite wurde bei <a href=\"https:\/\/xn--datenschutzerklrunggenerator-knc.de\/\">Datenschutzerkl\u00e4rungsgenerator<\/a> erstellt.<\/p>\n","protected":false},"excerpt":{"rendered":"<p>Datenschutzverordnung Angaben gem\u00e4\u00df \u00a7&nbsp;5 TMG: Kreisverband Oberharzer Sch\u00fctzenbund von 1922 e.V. Postanschrift: Zellbach 36 38678 Clausthal-Zellerfeld Kontakt: E-Mail: Kontakt@Wawrzinek.net Vertreten durch: Hartmut Wawrzinek &nbsp;&nbsp;&nbsp;&nbsp;&nbsp;&nbsp;&nbsp;&nbsp;&nbsp;&nbsp;&nbsp;&nbsp;&nbsp;&nbsp;&nbsp; ( Vorsitzender ) Michael Peinemann&nbsp;&nbsp;&nbsp;&nbsp;&nbsp;&nbsp;&nbsp;&nbsp;&nbsp;&nbsp;&nbsp;&nbsp;&nbsp;&nbsp;&nbsp; ( stellvertr. Vorsitzender ) Alexandra Stein&nbsp;&nbsp;&nbsp;&nbsp;&nbsp;&nbsp;&nbsp;&nbsp;&nbsp;&nbsp;&nbsp;&nbsp;&nbsp;&nbsp;&nbsp;&nbsp;&nbsp;&nbsp;&nbsp;&nbsp;&nbsp; ( Kreisschriftf\u00fchrer ) Klaus-Dieter B\u00f6hnke&nbsp;&nbsp;&nbsp;&nbsp;&nbsp;&nbsp;&nbsp;&nbsp;&nbsp;&nbsp;&nbsp;&nbsp;&nbsp;&nbsp; ( Kreisschatzmeister ) Eingetragen im Vereinsregister: des Amtsgerichts Braunschweig unter VR 170003 Steuernummer: 21\/215\/10146 Bankverbindungen: &hellip; <a href=\"https:\/\/oberharzer-schuetzenbund.de\/?page_id=640\" class=\"more-link\"><span class=\"screen-reader-text\">\u201eDSGVO\u201c <\/span>weiterlesen<\/a><\/p>\n","protected":false},"author":1,"featured_media":0,"parent":0,"menu_order":0,"comment_status":"closed","ping_status":"closed","template":"","meta":{"ngg_post_thumbnail":0,"footnotes":""},"class_list":["post-640","page","type-page","status-publish","hentry"],"_links":{"self":[{"href":"https:\/\/oberharzer-schuetzenbund.de\/index.php?rest_route=\/wp\/v2\/pages\/640","targetHints":{"allow":["GET"]}}],"collection":[{"href":"https:\/\/oberharzer-schuetzenbund.de\/index.php?rest_route=\/wp\/v2\/pages"}],"about":[{"href":"https:\/\/oberharzer-schuetzenbund.de\/index.php?rest_route=\/wp\/v2\/types\/page"}],"author":[{"embeddable":true,"href":"https:\/\/oberharzer-schuetzenbund.de\/index.php?rest_route=\/wp\/v2\/users\/1"}],"replies":[{"embeddable":true,"href":"https:\/\/oberharzer-schuetzenbund.de\/index.php?rest_route=%2Fwp%2Fv2%2Fcomments&post=640"}],"version-history":[{"count":5,"href":"https:\/\/oberharzer-schuetzenbund.de\/index.php?rest_route=\/wp\/v2\/pages\/640\/revisions"}],"predecessor-version":[{"id":704,"href":"https:\/\/oberharzer-schuetzenbund.de\/index.php?rest_route=\/wp\/v2\/pages\/640\/revisions\/704"}],"wp:attachment":[{"href":"https:\/\/oberharzer-schuetzenbund.de\/index.php?rest_route=%2Fwp%2Fv2%2Fmedia&parent=640"}],"curies":[{"name":"wp","href":"https:\/\/api.w.org\/{rel}","templated":true}]}}